{"id":3262,"date":"2021-09-04T15:40:27","date_gmt":"2021-09-04T15:40:27","guid":{"rendered":"https:\/\/fapol.org\/cythere\/?post_type=avada_portfolio&#038;p=3262"},"modified":"2021-10-01T12:12:18","modified_gmt":"2021-10-01T12:12:18","slug":"aguirre-fuentes-dossier-fragmentos-de-intervenciones-de-antonio-aguirre-fuentes-en-la-nel-y-el-cid-guayaquil","status":"publish","type":"avada_portfolio","link":"https:\/\/fapol.org\/cythere\/portfolio-items\/aguirre-fuentes-dossier-fragmentos-de-intervenciones-de-antonio-aguirre-fuentes-en-la-nel-y-el-cid-guayaquil\/","title":{"rendered":"AGUIRRE FUENTES &#8211; Dossier (Fragmentos de intervenciones de Antonio Aguirre Fuentes en la NEL y el CID-Guayaquil)"},"content":{"rendered":"<p><div class=\"fusion-fullwidth fullwidth-box fusion-builder-row-1 nonhundred-percent-fullwidth non-hundred-percent-height-scrolling\" style=\"--awb-border-radius-top-left:0px;--awb-border-radius-top-right:0px;--awb-border-radius-bottom-right:0px;--awb-border-radius-bottom-left:0px;--awb-flex-wrap:wrap;\" ><div class=\"fusion-builder-row fusion-row\"><div class=\"fusion-layout-column fusion_builder_column fusion-builder-column-0 fusion_builder_column_1_1 1_1 fusion-one-full fusion-column-first fusion-column-last\" style=\"--awb-bg-size:cover;\"><div class=\"fusion-column-wrapper fusion-flex-column-wrapper-legacy\"><div class=\"fusion-title title fusion-title-1 fusion-sep-none fusion-title-text fusion-title-size-four\"><h4 class=\"fusion-title-heading title-heading-left fusion-responsive-typography-calculated\" style=\"margin:0;--fontSize:30;line-height:1.1;\">Dossier (Fragmentos de intervenciones de Antonio Aguirre Fuentes en la NEL y el CID-Guayaquil)<\/h4><\/div><div class=\"fusion-text fusion-text-1\"><p>Dossier (fragmentos de interven\u00e7\u00f5es de Antonio Aguirre Fuentes no NEL e CID-Guayaquil)<br \/>Dossier (Fragments d&#8217;interventions d&#8217;Antonio Aguirre Fuentes au NEL et au CID-Guayaquil)<br \/>Dossier (Fragments of interventions by Antonio Aguirre Fuentes at the NEL and CID-Guayaquil)<\/p>\n<\/div><div class=\"fusion-sep-clear\"><\/div><div class=\"fusion-separator fusion-full-width-sep\" style=\"margin-left: auto;margin-right: auto;margin-top:20px;margin-bottom:20px;width:100%;\"><\/div><div class=\"fusion-sep-clear\"><\/div><div class=\"fusion-text fusion-text-2\"><p style=\"font-size: 17px; font-weight: 800; font-family: Montserrat; line-height: 0.1;\">ANTONIO AGUIRRE FUENTES \u2020 (In memoriam)<\/p>\n<p style=\"font-size: 17px; line-height: 0.8;\">NEL, AMP, Universidad Cat\u00f3lica Santiago de Guayaquil<\/p>\n<\/div><div class=\"fusion-clearfix\"><\/div><\/div><\/div><\/div><\/div><div class=\"fusion-fullwidth fullwidth-box fusion-builder-row-2 nonhundred-percent-fullwidth non-hundred-percent-height-scrolling\" style=\"--awb-border-radius-top-left:0px;--awb-border-radius-top-right:0px;--awb-border-radius-bottom-right:0px;--awb-border-radius-bottom-left:0px;--awb-margin-top:50px;--awb-flex-wrap:wrap;\" ><div class=\"fusion-builder-row fusion-row\"><div class=\"fusion-layout-column fusion_builder_column fusion-builder-column-1 fusion_builder_column_1_1 1_1 fusion-one-full fusion-column-first fusion-column-last\" style=\"--awb-bg-size:cover;\"><div class=\"fusion-column-wrapper fusion-flex-column-wrapper-legacy\"><div class=\"fusion-alignright\"><a class=\"fusion-button button-flat button-medium button-default fusion-button-default button-1 fusion-button-default-span fusion-button-default-type\" target=\"_blank\" rel=\"noopener noreferrer\" href=\"https:\/\/fapol.org\/cythere\/wp-content\/uploads\/sites\/3\/2021\/10\/CYTHERE-4-AGUIRRE-FUENTES-Dossier.pdf\"><i class=\"fa-download fas button-icon-left\" aria-hidden=\"true\"><\/i><span class=\"fusion-button-text\">PDF<\/span><\/a><\/div><div class=\"fusion-clearfix\"><\/div><\/div><\/div><\/div><\/div><div class=\"fusion-fullwidth fullwidth-box fusion-builder-row-3 nonhundred-percent-fullwidth non-hundred-percent-height-scrolling\" style=\"--awb-border-radius-top-left:0px;--awb-border-radius-top-right:0px;--awb-border-radius-bottom-right:0px;--awb-border-radius-bottom-left:0px;--awb-margin-top:50px;--awb-flex-wrap:wrap;\" ><div class=\"fusion-builder-row fusion-row\"><div class=\"fusion-layout-column fusion_builder_column fusion-builder-column-2 fusion_builder_column_1_1 1_1 fusion-one-full fusion-column-first fusion-column-last\" style=\"--awb-bg-size:cover;\"><div class=\"fusion-column-wrapper fusion-flex-column-wrapper-legacy\"><div class=\"fusion-title title fusion-title-2 fusion-sep-none fusion-title-text fusion-title-size-five\" style=\"--awb-margin-bottom:30px;\"><h5 class=\"fusion-title-heading title-heading-left fusion-responsive-typography-calculated\" style=\"margin:0;--fontSize:22;--minFontSize:22;line-height:1.1;\">Del problema de la Ciencia a la Cuesti\u00f3n en Psicoan\u00e1lisis<\/h5><\/div><div class=\"fusion-text fusion-text-3\"><p style=\"text-align: justify;\"><span style=\"text-decoration: underline;\"><strong>Invitaci\u00f3n al Seminario del 2011<\/strong><\/span><\/p>\n<p style=\"text-align: justify;\">Tomamos como punto de arranque la distinci\u00f3n entre problema y cuesti\u00f3n, subrayada por Jean Claude Milner al criticar la democracia europea. Tuvimos el a\u00f1o pasado ocasi\u00f3n de conversar al respecto. Ahora vamos a hacer de este par una f\u00f3rmula operativa para discutir la complicada convivencia del psicoan\u00e1lisis con la ciencia. Ambos son coordenadas de nuestro tiempo, pero no las \u00fanicas. Por eso nos hemos referido a la regulaci\u00f3n biopol\u00edtica, al paradigma de la comunicaci\u00f3n global y a la democracia. Ambicionamos incluso examinar la conjetura del choque civilizatorio para adivinar, quiz\u00e1s, un futuro. Huntington anticipa la decadencia de la civilizaci\u00f3n donde el psicoan\u00e1lisis ha tenido su alojamiento. \u00bfTendr\u00edamos lugar en la civilizaci\u00f3n isl\u00e1mica o en el nuevo imperio del oriente chino?<\/p>\n<p style=\"text-align: justify;\">Ya es com\u00fan entre los analistas sentir un entorno poblado hostilmente. Por lo cual se concibe una estrategia de respuesta de amplio espectro, de infiltraci\u00f3n, de \u201cinserci\u00f3n\u201d del psicoan\u00e1lisis en m\u00faltiples espacios percibidos como real o potencialmente peligrosos. Los analistas se camuflan y pretenden actuar en las retaguardias de las fuerzas que asedian su campo. El asunto es que quiz\u00e1s pronto no quede nadie en dicho campo, porque todos marcharon a defenderlo desde otros lugares.<\/p>\n<p style=\"text-align: justify;\">A Jeff Cooper se lo ha descrito como un \u201cbon vivant and recreational killer\u201d. Ex\u2013marine norteamericano, profesor de historia pol\u00edtica y militar, es un intelectual de corte liberal tocquevillano. Tambi\u00e9n es un aficionado a la cacer\u00eda y defensor radical de la Segunda Enmienda de la Constituci\u00f3n Norteamericana sobre el derecho ciudadano a tener armas. Hace una apuesta sobre el modo de actuar frente a una amenaza mortal, para superar el miedo que paraliza. El coraje y la concentraci\u00f3n resumen para \u00e9l la mentalidad necesaria para sobrevivir en la confrontaci\u00f3n. Lo que cuenta es el acierto en el blanco concreto, no la acci\u00f3n dispersa y apurada contra una periferia difusa y mediata.<\/p>\n<p style=\"text-align: justify;\">Por tanto, no se trata de abrir una discusi\u00f3n con los cient\u00edficos, o con la legi\u00f3n de t\u00e9cnicos que creen serlo. Nuestra indagaci\u00f3n apunta estricta y concentradamente a la pr\u00e1ctica anal\u00edtica propiamente dicha y a sus instrumentos. Es del sujeto de lo que se trata, de ese hombre al cual la ciencia no le deja ning\u00fan lugar (Lacan en la conversaci\u00f3n en los escalones del Pante\u00f3n, Seminario XVII). S\u00f3lo que ahora lo vamos a cuestionar no como v\u00edctima de la ciencia sino como part\u00edcipe de los males que ella le trae y de los cuales se queja.<\/p>\n<p style=\"text-align: justify;\">Freud en el ep\u00edlogo de su obra, bosquej\u00f3 el 22 de agosto de 1938 dos consideraciones sobre la espacialidad y la m\u00edstica. Tenemos razones para intentar reconducir los problemas que hoy se plantea la ciencia sobre el origen del universo hacia la cuesti\u00f3n ineludible del inconsciente freudiano.<\/p>\n<p style=\"text-align: justify;\">Para este trabajo quedan invitados aquellos que quieran apropiarse de estas preguntas. Daremos inicio al seminario el s\u00e1bado 11 de junio, a las 11 de la ma\u00f1ana en la Facultad de Filosof\u00eda de la Universidad Cat\u00f3lica de Santiago de Guayaquil, en el aula B6. De antemano agradezco la colaboraci\u00f3n de las autoridades de dicha facultad.<\/p>\n<p style=\"text-align: justify;\"><a href=\"#_ednref1\" name=\"_edn1\"><\/a><\/p>\n<\/div><div class=\"fusion-clearfix\"><\/div><\/div><\/div><\/div><\/div><div class=\"fusion-fullwidth fullwidth-box fusion-builder-row-4 nonhundred-percent-fullwidth non-hundred-percent-height-scrolling\" style=\"--awb-border-radius-top-left:0px;--awb-border-radius-top-right:0px;--awb-border-radius-bottom-right:0px;--awb-border-radius-bottom-left:0px;--awb-margin-top:50px;--awb-flex-wrap:wrap;\" ><div class=\"fusion-builder-row fusion-row\"><div class=\"fusion-layout-column fusion_builder_column fusion-builder-column-3 fusion_builder_column_1_1 1_1 fusion-one-full fusion-column-first fusion-column-last\" style=\"--awb-bg-size:cover;\"><div class=\"fusion-column-wrapper fusion-flex-column-wrapper-legacy\"><div class=\"fusion-title title fusion-title-3 fusion-sep-none fusion-title-text fusion-title-size-five\" style=\"--awb-margin-bottom:30px;\"><h5 class=\"fusion-title-heading title-heading-left fusion-responsive-typography-calculated\" style=\"margin:0;--fontSize:22;--minFontSize:22;line-height:1.1;\">Sublimaciones guerreras y Psicoan\u00e1lisis<\/h5><\/div><div class=\"fusion-text fusion-text-4\"><p style=\"text-align: justify;\"><span style=\"text-decoration: underline;\"><strong>Invitaci\u00f3n al Seminario del 2012<\/strong><\/span><\/p>\n<p style=\"text-align: justify;\">Damos por aceptado que no se habla sino del propio caso. Lo cual es una forma de saber-hacer con su sinthoma. Tenemos ya un listado de pre-ocupaciones, que era como Lacan entend\u00eda las fijaciones libidinales designadas por Freud.<\/p>\n<p style=\"text-align: justify;\">En los tiempos que corren aspiramos a convocar a cualquiera para estudiar sin ser estudiante. Es un modo de contrapesar el atractivo de la relaci\u00f3n de poder constituida por el profesor y el estudiante en la Universidad.<\/p>\n<p style=\"text-align: justify;\">Despu\u00e9s del Octavo Congreso de la Asociaci\u00f3n Mundial de Psicoan\u00e1lisis, entre otras ideas mencionemos una: hay que trabajar sin perder \u201cla relaci\u00f3n ver\u00eddica con lo real\u201d de nuestra asociaci\u00f3n. La estratificaci\u00f3n es evidente, tanto como los espacios productivos que la administraci\u00f3n promueve y permite. No se trata del \u201cPlan Lacan\u201d y menos, quiz\u00e1s, de su sue\u00f1o: una estructura horizontal, unos cargos que no se capitalizaban para el ascenso siguiente, un torbellino peri\u00f3dico que relanzaba todo de nuevo. Se constatan m\u00e1s bien dos vectores: el uno jerarquizante y tranquilizador, el otro din\u00e1mico e inquietante. Elijamos un viento para nuestra nave y mantengamos un rumbo.<\/p>\n<p style=\"text-align: justify;\">Freud dec\u00eda que un an\u00e1lisis pod\u00eda traer una redistribuci\u00f3n de las energ\u00edas, dejando disponibles las necesarias para el esfuerzo amoroso y el trabajo. Creaci\u00f3n, invenci\u00f3n, escritura, poes\u00eda, transmisi\u00f3n, sabidur\u00eda, hasta misticismo y santidad, -dejemos la debilidad de la bohemia en suspenso-, son algunos t\u00e9rminos que concurren a nuestra imaginaci\u00f3n para visualizar las metas del psicoan\u00e1lisis. Pero la Declaraci\u00f3n de Principios de la AMP muestra una consecuencia menos ben\u00e9vola.<\/p>\n<p style=\"text-align: justify;\">Para ir directamente, nos planteamos la siguiente pregunta \u00bfes posible articular el concepto de sublimaci\u00f3n con el de pulsi\u00f3n de muerte? Esto va m\u00e1s all\u00e1 de la consagrada figura del carnicero devenido cirujano, para hacer aparecer otras: el guerrero, el explorador, el cazador, el sheriff, el investigador privado, si vamos a nombrar unas pocas.<\/p>\n<p style=\"text-align: justify;\">Nos tomamos en serio, y literalmente, el dicho de Lacan del seminario de la \u00c9tica cuando afirma que el psicoan\u00e1lisis pone al sujeto al pie del ca\u00f1\u00f3n. Es el impase en la enunciaci\u00f3n, es el muro que se atraviesa para imposibilitar decir toda la verdad, es el descubrimiento de que la l\u00f3gica se encadena siempre hasta un momento de vacilaci\u00f3n intr\u00ednsecamente insoluble. Los te\u00f3ricos de la pol\u00edtica y la guerra han abordado este asunto cuando dicen que entre la una y la otra hay continuaci\u00f3n, pero por \u201cotros medios\u201d. Sin embargo, es en el pasaje, en el cambio de medios, donde el historiador realista ubica la decisi\u00f3n de un sujeto. El sofisma del tiempo l\u00f3gico con la funci\u00f3n de la prisa, representa el esquema del drama mencionado.<\/p>\n<p style=\"text-align: justify;\">Evidentemente tenemos que poner en juego el nudo de tareas imposibles en el que est\u00e1 enredada una llamada colectividad. Hay la esperanza de que lo imposible de una de estas tareas lo resuelva otra, pero gobernar, educar y curar, no logran hacer el cerco de lo real. El psicoan\u00e1lisis no es el complemento remediador de ese fracaso. Nos proponemos cuestionar los proyectos biopol\u00edticos desde este \u201crealismo\u201d, sin excluirnos cuando el psicoan\u00e1lisis y los psicoanalistas se ven involucrados en dichos proyectos. Daremos una atenci\u00f3n especial a las \u201cplataformas sociales\u201d que el discurso de la histeria, en su versi\u00f3n de masas, gana o pierde en la coyuntura.<\/p>\n<p style=\"text-align: justify;\">Si juntamos la equivalencia freudiana entre masculinidad y actividad tenemos el inicio para examinar las opciones masculinas en nuestros d\u00edas. No cabe duda de que, en la cultura popular, la masculinidad est\u00e1 en franca retirada, para no hablar de lo que efectivamente ocurre en la convicci\u00f3n interna de los machos de la especie. Los vemos todos los d\u00edas derivar a la brutalidad m\u00e1s insensata, con unos rituales de iniciaci\u00f3n degradados a la farsa, sin que hayan perdido algunos de ellos la condici\u00f3n de riesgo mort\u00edfero. \u00bfNo merece un comentario diferente la celebraci\u00f3n del feminismo estatista por una estad\u00edstica incrementada de hombres recuperados para las tareas dom\u00e9sticas, y hasta maternales, gracias a la oleada de despidos del capitalismo del cual ellas salieron \u2013es l\u00f3gico- mejor libradas?<\/p>\n<p style=\"text-align: justify;\">Para mejorar la perspectiva, tanto en el camino de la experiencia anal\u00edtica como en sus bordes, retomaremos los vaivenes interferentes de sentido y sinsentido. Nos ilustraremos con la obra literaria, y pediremos la colaboraci\u00f3n de los iniciados. No pasamos por alto el desaf\u00edo de Miller cuando nos habla de ir m\u00e1s all\u00e1 de un inconsciente transferencial. Pensamos que es gui\u00e1ndonos por los tropiezos que tendremos acceso a la dimensi\u00f3n real de dicho inconsciente. Y sostenemos que es all\u00ed donde se abre otro momento para una decisi\u00f3n \u201cm\u00e1s digna\u201d. Lo cual significa no quedar absorbidos en el caos de un tiempo de comprender ilimitado.<\/p>\n<p style=\"text-align: justify;\">La convocatoria es para el s\u00e1bado 12 de mayo del 2012 a las 11 de la ma\u00f1ana, en la Facultad de Filosof\u00eda de la Universidad Cat\u00f3lica de Santiago de Guayaquil, cuyas autoridades han respondido siempre amablemente, a nuestro austero requerimiento.<\/p>\n<p style=\"text-align: justify;\"><a href=\"#_ednref1\" name=\"_edn1\"><\/a><\/p>\n<\/div><div class=\"fusion-clearfix\"><\/div><\/div><\/div><\/div><\/div><div class=\"fusion-fullwidth fullwidth-box fusion-builder-row-5 nonhundred-percent-fullwidth non-hundred-percent-height-scrolling\" style=\"--awb-border-radius-top-left:0px;--awb-border-radius-top-right:0px;--awb-border-radius-bottom-right:0px;--awb-border-radius-bottom-left:0px;--awb-margin-top:50px;--awb-flex-wrap:wrap;\" ><div class=\"fusion-builder-row fusion-row\"><div class=\"fusion-layout-column fusion_builder_column fusion-builder-column-4 fusion_builder_column_1_1 1_1 fusion-one-full fusion-column-first fusion-column-last\" style=\"--awb-bg-size:cover;\"><div class=\"fusion-column-wrapper fusion-flex-column-wrapper-legacy\"><div class=\"fusion-title title fusion-title-4 fusion-sep-none fusion-title-text fusion-title-size-five\" style=\"--awb-margin-bottom:30px;\"><h5 class=\"fusion-title-heading title-heading-left fusion-responsive-typography-calculated\" style=\"margin:0;--fontSize:22;--minFontSize:22;line-height:1.1;\">Elegir el Inconsciente<\/h5><\/div><div class=\"fusion-text fusion-text-5\"><p style=\"text-align: justify;\"><span style=\"text-decoration: underline;\"><strong>Invitaci\u00f3n al Seminario 2014<\/strong><\/span><\/p>\n<p style=\"text-align: justify;\">Con alg\u00fan retraso presentamos la propuesta de seminario para este a\u00f1o. No hemos estado inactivos, pues nos comprometimos en varios eventos de lo que se llama la extensi\u00f3n del psicoan\u00e1lisis. En l\u00edneas generales se trat\u00f3 de las azarosas y complicadas relaciones que nuestro campo tiene con los vectores mayores del saber y el poder. Los escenarios fueron de mayor amplitud, las audiencias -como dir\u00eda Lacan- mundanas. Pero en ning\u00fan momento nos sentimos solos, prueba de que a\u00f1os de trabajo han forjado temperamentos y argumentos de un conjunto dispar, que, si no fuera porque se le a\u00f1ade tambi\u00e9n el realismo y la malicia de unas mujeres, podr\u00eda calificarse tambi\u00e9n de una banda de \u00abhonestos imb\u00e9ciles\u201d. \u00bfHan quedado vacunados para siempre de ser ingenuos o canallas? Ese es el esfuerzo, en las l\u00edneas interiores del seminario, al que seguimos dedicados.<\/p>\n<p style=\"text-align: justify;\">Hay un cambio en la distribuci\u00f3n del trabajo. Seguiremos el debate en los escenarios externos, con los hechos y dichos que nos cuestionan desde otros lados. Pondremos a examen la pr\u00e1ctica anal\u00edtica, estricta y en sus aplicaciones, usando los espacios de Escuela apropiados. Y reservaremos para el seminario las preguntas y construcciones que consideramos la\u00a0base, perentoria, de nuestros avances.<\/p>\n<p style=\"text-align: justify;\">El art\u00edculo TAKE ME BACK TO THE RIVERS&#8230; hac\u00eda notar una urgencia. Una que podr\u00edamos llamar generacional. Por supuesto que hay otras urgencias, m\u00e1s atractivas, y que hemos visto renovarse una y otra vez. El saldo de desilusi\u00f3n que dejan es amargo, rencoroso y hasta vengativo. Generalmente no hay otra oportunidad para el entusiasmo, y la mayor\u00eda queda en una nostalgia est\u00e9ril.<\/p>\n<p style=\"text-align: justify;\">Con cu\u00e1nto fervor juvenil se empiezan las empresas apocal\u00edpticas, las revoluciones que aseguran el final. Paul Berman en su libro TERROR Y LIBERTAD, con una referencia a Camus, hace un balance profundo e impactante de este camino al abismo. \u00bfNo hay otra manera de iniciar la vida, si no es con esta secreta tanatofilia que empuja a la autodestrucci\u00f3n y al sacrificio? \u00bfQu\u00e9 opciones hay? El psicoan\u00e1lisis es una, que generalmente llega cuando se ha probado otras y se ha sobrevivido con suficiente energ\u00eda. Pero hay que mostrar de alguna manera que se sabe apuntar mejor, a una paciente labor de nudos y tejidos. Sin perturbarse por \u00ablos cantos luctuosos con tableteos de ametralladoras\u00bb ni \u00ablos nuevos gritos de guerra y de victoria\u00bb, sin dejarse arrastrar por un marasmo de enso\u00f1aciones y renunciamiento.<\/p>\n<p style=\"text-align: justify;\">El s\u00e1bado 19 de Julio del 2014 nos reuniremos a las 11 de la ma\u00f1ana, en la Facultad de Filosof\u00eda para iniciar el trabajo.<\/p>\n<p style=\"text-align: justify;\"><a href=\"#_ednref1\" name=\"_edn1\"><\/a><\/p>\n<\/div><div class=\"fusion-clearfix\"><\/div><\/div><\/div><\/div><\/div><div class=\"fusion-fullwidth fullwidth-box fusion-builder-row-6 nonhundred-percent-fullwidth non-hundred-percent-height-scrolling\" style=\"--awb-border-radius-top-left:0px;--awb-border-radius-top-right:0px;--awb-border-radius-bottom-right:0px;--awb-border-radius-bottom-left:0px;--awb-margin-top:50px;--awb-flex-wrap:wrap;\" ><div class=\"fusion-builder-row fusion-row\"><div class=\"fusion-layout-column fusion_builder_column fusion-builder-column-5 fusion_builder_column_1_1 1_1 fusion-one-full fusion-column-first fusion-column-last\" style=\"--awb-bg-size:cover;\"><div class=\"fusion-column-wrapper fusion-flex-column-wrapper-legacy\"><div class=\"fusion-title title fusion-title-5 fusion-sep-none fusion-title-text fusion-title-size-five\" style=\"--awb-margin-bottom:30px;\"><h5 class=\"fusion-title-heading title-heading-left fusion-responsive-typography-calculated\" style=\"margin:0;--fontSize:22;--minFontSize:22;line-height:1.1;\">El agujero del inconsciente<\/h5><\/div><div class=\"fusion-text fusion-text-6\"><p style=\"text-align: justify;\"><span style=\"text-decoration: underline;\"><strong>Invitaci\u00f3n al Seminario 2015<\/strong><\/span><\/p>\n<p style=\"text-align: justify;\">Resumen del seminario sostenido en el 2014 con los auspicios del CIEDD de la Universidad Cat\u00f3lica de Guayaquil y el Centro de Investigaci\u00f3n y Docencia CID.<\/p>\n<p style=\"text-align: justify;\"><strong>La carta 52 y la carta a la Escuela<\/strong><\/p>\n<p style=\"text-align: justify;\">En su Carta a la Escuela del 28 de octubre de 1980 Lacan reafirma el axioma freudiano: hay reprimido, siempre, es irreductible. Saca un corolario: el psicoan\u00e1lisis es una elaboraci\u00f3n del inconsciente, que no hace sino producir su agujero. Si este agujero coincide, pertinentemente, con la muerte, Lacan insiste en que su labor es hacer frente al hecho, no de la muerte, sino del inconsciente.<\/p>\n<p style=\"text-align: justify;\">Todo esto se autoriza en el mismo Freud. Por ello retornamos a \u00e9l con una indagaci\u00f3n. \u00bfCu\u00e1l es la consecuencia del descubrimiento freudiano, agujereado por una represi\u00f3n primordial?<\/p>\n<p style=\"text-align: justify;\">Freud no ha cerrado los ojos ante los obst\u00e1culos en su camino. En sus m\u00e1s tempranos pasos deja constancia de una p\u00e9rdida, de algo inalcanzable. Su escrito \u201cenergetista\u201d, conocido como el \u201cProyecto\u201d, destaca un complejo de percepci\u00f3n que tiene una \u201cneurona a\u201d,\u00a0inmutable, y una \u201cneurona b\u201d que es variable. A la primera la llama \u201cDas Ding\u201d, la Cosa,\u00a0inmutable\u00a0a todo juicio y que permanece incomparable e incomprensible.<\/p>\n<p style=\"text-align: justify;\">A\u00fan con la referencia a las neuronas, pero tomadas como elementos de una estructura, bosqueja un aparato en la Carta 52. Hay signos que se inscriben, que luego se retranscriben como traducciones en una sucesi\u00f3n estratificada. Nos encontramos con la presencia de un momento primario, un momento y lugar 0, que es la percepci\u00f3n como acontecimiento, sin huella. Luego sigue el\u00a0momento de la primera inscripci\u00f3n, el primer registro de los signos de percepci\u00f3n, agrupados por simultaneidad. Freud dice que esta primera inscripci\u00f3n es inaccesible a la consciencia por completo. En el segundo registro ya puede haber una relaci\u00f3n causa efecto. Luego, en un siguiente registro, los signos se asocian con palabras-representaci\u00f3n y ya tienen una condici\u00f3n pre-consciente, y con determinadas reglas, pueden alcanzar la consciencia.<\/p>\n<p style=\"text-align: justify;\">Freud concibe una estratificaci\u00f3n de transcripciones y retranscripciones, entre las cuales opera un mecanismo de traducci\u00f3n, de reordenamiento. En el paso de una inscripci\u00f3n a otra ocurre una p\u00e9rdida, pues no todo es traducido. La represi\u00f3n misma no es sino esto: negar una traducci\u00f3n. Lo reprimido primordial es lo que nunca alcanz\u00f3 una traducci\u00f3n.\u00a0<\/p>\n<p style=\"text-align: justify;\"><strong>Las series \u00bfcomplementarias?<\/strong><\/p>\n<p style=\"text-align: justify;\">En otro plano tenemos que recordar lo que Freud llam\u00f3 la serie constitucional. Era el primer escal\u00f3n en las series complementarias del s\u00edntoma neur\u00f3tico. Se constitu\u00eda como un factor cuantitativo, variable en cada\u00a0sujeto. Tambi\u00e9n\u00a0hab\u00eda una viscosidad de la libido, incluso una orientaci\u00f3n en la elecci\u00f3n de objetos. Freud habla de un vivenciar prehist\u00f3rico, secuelas de traumas de unos antepasados y mecanismos interiorizados que coartan la satisfacci\u00f3n. Lo que hay que retener es que en todo caso se trata de factores inaccesibles al an\u00e1lisis.\u00a0<\/p>\n<p style=\"text-align: justify;\">As\u00ed todo proceso de reconstrucci\u00f3n hist\u00f3rica, de rememorizaci\u00f3n, de llenado de lagunas en el sujeto conduce a un ombligo conectado con lo desconocido de una prehistoria de la especie.<\/p>\n<p style=\"text-align: justify;\">Freud en 1933 entiende la construcci\u00f3n en el an\u00e1lisis como el llenado de una laguna en el recuerdo. En la lectura lacaniana tal construcci\u00f3n tendr\u00eda que ser prudentemente una conclusi\u00f3n abierta, agujereada. Consecuentemente no habr\u00edan series complementarias, que completan un todo. M\u00e1s bien resultar\u00eda que ellas son no-complementarias.\u00a0<\/p>\n<p style=\"text-align: justify;\">Eso mismo se puede decir de las sucesivas transcripciones en la carta 52. Un agujero las atraviesa, como en la figura del toro topol\u00f3gico.<\/p>\n<p style=\"text-align: justify;\"><strong>El inconsciente intemporal<\/strong><\/p>\n<p style=\"text-align: justify;\">En sus trabajos de Metapsicolog\u00eda de 1915 Freud define caracter\u00edsticas fundamentales.\u00a0El inconsciente es m\u00e1s que lo reprimido secundariamente, pues la representaci\u00f3n-cosa nunca alcanza un estado consciente o preconsciente, nunca llega a asociarse a la palabra. La represi\u00f3n de un pensamiento requiere que simult\u00e1neamente haya una repulsi\u00f3n por parte del Yo, a la vez que una atracci\u00f3n, una succi\u00f3n, que \u201chala\u201d a dicho pensamiento hacia el inconsciente constituido por lo primordialmente reprimido. Reconocemos aqu\u00ed el \u201cya ah\u00ed\u201d de una \u201cBejahung\u201d primitiva (Lacan, Seminario 3) (Lacan, Escritos I), de una afirmaci\u00f3n primaria de lo simb\u00f3lico, que no es sin una expulsi\u00f3n, igualmente inaugural, que produce lo real.\u00a0<\/p>\n<p style=\"text-align: justify;\">El inconsciente freudiano comporta unas propiedades imposibles:<\/p>\n<p style=\"text-align: justify;\">\u2013 No hay all\u00ed contradicci\u00f3n, sino coexistencia y adici\u00f3n de pulsiones, es decir de sus representantes. No hay duda ni grado de certeza.<\/p>\n<p style=\"text-align: justify;\">\u2013 La movilidad de la energ\u00eda pulsional entre las representaciones es completa. Se cede la investidura, o se la apropia; reina all\u00ed el llamado por Freud \u201cproceso primario\u201d.<\/p>\n<p style=\"text-align: justify;\">\u2013 No hay ning\u00fan orden temporal; el tiempo no modifica nada, es un campo de lo atemporal.<\/p>\n<p style=\"text-align: justify;\">\u2013 Finalmente, la realidad exterior no condiciona ni causa. S\u00f3lo rige el puro principio de placer-displacer como regulador de las fuerzas pulsionales.<\/p>\n<p style=\"text-align: justify;\">Lacan afirma que el psicoan\u00e1lisis no es una teor\u00eda del inconsciente, sino una teor\u00eda de la pr\u00e1ctica anal\u00edtica. El antecedente est\u00e1 en Freud cuando dice en la carta 52 que no se desviar\u00e1 en la formulaci\u00f3n de una teor\u00eda psicol\u00f3gica. Necesitaba una fundamentaci\u00f3n operatoria.<\/p>\n<p style=\"text-align: justify;\"><strong>La pr\u00e1ctica de la teor\u00eda<\/strong><\/p>\n<p style=\"text-align: justify;\">Veamos la relevancia pragm\u00e1tica del aparato ps\u00edquico freudiano en t\u00e9rminos de la doctrina de Lacan.<\/p>\n<p style=\"text-align: justify;\">Al comienzo de la experiencia escuchamos lo que se ha traducido en palabras, en conexiones hist\u00f3ricas, en formas temporales, tiempos gramaticales, en suma, las variaciones meton\u00edmicas de los enunciados. El analista, en su condici\u00f3n de objeto articulado en la cadena de los significantes, corta con cuidado las conexiones, desarma el sentido usual, la intenci\u00f3n esperada. Las sesiones cortas, de tiempo variable e imprevisible, alteran radicalmente el c\u00e1lculo de una historizaci\u00f3n cerrada que hace la consciencia del sujeto. Lacan en el seminario 6 enfatiza que el corte, corte de la sesi\u00f3n, es el modo capital de mantener la dimensi\u00f3n del deseo en tanto real.<\/p>\n<p style=\"text-align: justify;\">Los distintos estratos de transcripci\u00f3n (Freud, carta 52) son vulnerados cuando aparece el agujero que comunica con lo inaccesible. Se subvierten los nexos temporales destacando la repetici\u00f3n, la condensaci\u00f3n y la retroacci\u00f3n significante. La causalidad de las escenas y de las historias tambalean variando la conjugaci\u00f3n gramatical: activo, pasivo, activo reflexivo, impersonal. El movimiento de idas y venidas del caballo en el ajedrez nos traza la prudencia y el tacto en el proceso anal\u00edtico. Pero sobre todo muestra la maniobra de envolvimiento que cava un agujero.<\/p>\n<p style=\"text-align: justify;\"><strong>El rasgo conservador del s\u00edntoma, el agujero y la poes\u00eda<\/strong><\/p>\n<p style=\"text-align: justify;\">Hay una cuesti\u00f3n digna de menci\u00f3n. En el caso\u00a0Dora, Freud\u00a0hablando del s\u00edntoma dice que su constituci\u00f3n som\u00e1tica acarrea mucho trabajo. Pero que una vez logrado dicho s\u00edntoma sirve simult\u00e1nea y sucesivamente a varios contenidos de pensamientos inconscientes. Ubica entonces un \u201crasgo conservador\u201d del s\u00edntoma, un rasgo som\u00e1tico que no es afectado por el psicoan\u00e1lisis, pues \u00e9ste act\u00faa solo sobre los contenidos inconscientes.<\/p>\n<p style=\"text-align: justify;\">Entendemos que, si hay represi\u00f3n primordial e inconsciente inaccesible, tambi\u00e9n hay un s\u00edntoma no analizable. Este \u00faltimo figura como un \u201codre viejo\u201d y vac\u00edo, que facilita la descarga de pensamientos inconscientes nuevos. O mejor: el s\u00edntoma es un trazo intemporal, una letra ya-all\u00ed, que conduce nuevas ideas inconscientes a una satisfacci\u00f3n, a un goce sintom\u00e1tico.\u00a0<\/p>\n<p style=\"text-align: justify;\">Lacan hace el elogio del vac\u00edo, explicado por Fran\u00e7ois Cheng. All\u00ed est\u00e1 el espacio para una creaci\u00f3n po\u00e9tica, un gesto de escritura in\u00e9dito y una lectura sin par.\u00a0<\/p>\n<p style=\"text-align: justify;\">\u00bfDe qu\u00e9 modo se anudan el agujero del inconsciente y el rasgo vac\u00edo del s\u00edntoma? \u00bfQu\u00e9 hacen juntos lo que no cesa de escribirse del s\u00edntoma, al lado de lo que no cesa de no escribirse del agujero del inconsciente?<\/p>\n<p style=\"text-align: justify;\">Invocando el vac\u00edo de la po\u00e9tica china Lacan nos da una pista a seguir: es en la contingencia de un decir donde hay que apostar, sin chocar con el rasgo conservador ni caer en el agujero.<\/p>\n<p style=\"text-align: justify;\">Diciembre 2015.<\/p>\n<p style=\"text-align: justify;\"><a href=\"#_ednref1\" name=\"_edn1\"><\/a><\/p>\n<\/div><div class=\"fusion-clearfix\"><\/div><\/div><\/div><\/div><\/div><\/p>\n","protected":false},"excerpt":{"rendered":"","protected":false},"author":1,"featured_media":0,"menu_order":0,"comment_status":"open","ping_status":"closed","template":"","format":"standard","meta":{"_monsterinsights_skip_tracking":false,"_monsterinsights_sitenote_active":false,"_monsterinsights_sitenote_note":"","_monsterinsights_sitenote_category":0,"footnotes":""},"portfolio_category":[79],"portfolio_skills":[89],"portfolio_tags":[],"class_list":["post-3262","avada_portfolio","type-avada_portfolio","status-publish","format-standard","hentry","portfolio_category-cythere-n-4","portfolio_skills-antonio-aguirre-fuentes"],"_links":{"self":[{"href":"https:\/\/fapol.org\/cythere\/wp-json\/wp\/v2\/avada_portfolio\/3262","targetHints":{"allow":["GET"]}}],"collection":[{"href":"https:\/\/fapol.org\/cythere\/wp-json\/wp\/v2\/avada_portfolio"}],"about":[{"href":"https:\/\/fapol.org\/cythere\/wp-json\/wp\/v2\/types\/avada_portfolio"}],"author":[{"embeddable":true,"href":"https:\/\/fapol.org\/cythere\/wp-json\/wp\/v2\/users\/1"}],"replies":[{"embeddable":true,"href":"https:\/\/fapol.org\/cythere\/wp-json\/wp\/v2\/comments?post=3262"}],"version-history":[{"count":5,"href":"https:\/\/fapol.org\/cythere\/wp-json\/wp\/v2\/avada_portfolio\/3262\/revisions"}],"predecessor-version":[{"id":3302,"href":"https:\/\/fapol.org\/cythere\/wp-json\/wp\/v2\/avada_portfolio\/3262\/revisions\/3302"}],"wp:attachment":[{"href":"https:\/\/fapol.org\/cythere\/wp-json\/wp\/v2\/media?parent=3262"}],"wp:term":[{"taxonomy":"portfolio_category","embeddable":true,"href":"https:\/\/fapol.org\/cythere\/wp-json\/wp\/v2\/portfolio_category?post=3262"},{"taxonomy":"portfolio_skills","embeddable":true,"href":"https:\/\/fapol.org\/cythere\/wp-json\/wp\/v2\/portfolio_skills?post=3262"},{"taxonomy":"portfolio_tags","embeddable":true,"href":"https:\/\/fapol.org\/cythere\/wp-json\/wp\/v2\/portfolio_tags?post=3262"}],"curies":[{"name":"wp","href":"https:\/\/api.w.org\/{rel}","templated":true}]}}