{"id":6527,"date":"2021-02-04T12:49:05","date_gmt":"2021-02-04T15:49:05","guid":{"rendered":"https:\/\/fapol.org\/blog\/portfolio-items\/amor-al-padre\/"},"modified":"2021-02-04T12:49:05","modified_gmt":"2021-02-04T15:49:05","slug":"amor-al-padre","status":"publish","type":"avada_portfolio","link":"https:\/\/fapol.org\/pt-br\/blog\/portfolio-items\/amor-al-padre\/","title":{"rendered":"Amor al padre"},"content":{"rendered":"<div class=\"fusion-fullwidth fullwidth-box fusion-builder-row-1 fusion-flex-container nonhundred-percent-fullwidth non-hundred-percent-height-scrolling\" style=\"--awb-border-radius-top-left:0px;--awb-border-radius-top-right:0px;--awb-border-radius-bottom-right:0px;--awb-border-radius-bottom-left:0px;--awb-flex-wrap:wrap;\" ><div class=\"fusion-builder-row fusion-row fusion-flex-align-items-flex-start fusion-flex-content-wrap\" style=\"max-width:1248px;margin-left: calc(-4% \/ 2 );margin-right: calc(-4% \/ 2 );\"><div class=\"fusion-layout-column fusion_builder_column fusion-builder-column-0 fusion_builder_column_1_1 1_1 fusion-flex-column\" style=\"--awb-bg-size:cover;--awb-width-large:100%;--awb-margin-top-large:0px;--awb-spacing-right-large:1.92%;--awb-margin-bottom-large:20px;--awb-spacing-left-large:1.92%;--awb-width-medium:100%;--awb-order-medium:0;--awb-spacing-right-medium:1.92%;--awb-spacing-left-medium:1.92%;--awb-width-small:100%;--awb-order-small:0;--awb-spacing-right-small:1.92%;--awb-spacing-left-small:1.92%;\"><div class=\"fusion-column-wrapper fusion-column-has-shadow fusion-flex-justify-content-flex-start fusion-content-layout-column\"><div class=\"fusion-text fusion-text-1\"><div class=\"autor\">Por <strong>Gabriela Grinbaum<\/strong><\/div>\n<div>\n<p><i>Luna de papel<\/i>\u00a0era M\u00cd pel\u00edcula: amaba tanto esa pel\u00edcula. En el cine de la Calle 8 en la ciudad de La Plata, Provincia de Buenos Aires. El Cine 8 se llamaba. El film lo pasaban todos los a\u00f1os, y todos los a\u00f1os, ah\u00ed, sentada con mi padre, volv\u00eda a verla.<\/p>\n<p>Se trataba de la relaci\u00f3n de un padre, Ryan O\u2019Neil con su hija Tatoom O\u2019Neil y me maravillaba saber que eran en la realidad, padre e hija.<\/p>\n<p>Esa historia de amor entre el padre y la hija la ped\u00ed prestada, ella rebelde que fumaba cigarrillos de lechuga, o as\u00ed me lo dijeron cuando pregunt\u00e9 sorprendida si pod\u00eda fumar una ni\u00f1a tan peque\u00f1a.<\/p>\n<p>Me encantaba desde muy chiquita decir a viva voz:\u00a0<i>Soy atea<\/i>. Daba gracias que una ni\u00f1a entienda eso.<\/p>\n<p>Por supuesto que era tan festejado, en especial por mi abuela la polaca, atea, jud\u00eda y fumadora. Hasta que en el an\u00e1lisis entend\u00ed que era la m\u00e1s creyente y religiosa. Dios era mi padre. Sin duda, amado y venerado por m\u00ed.<\/p>\n<p>La marca de esa abuela que me ubic\u00f3 en la amada del otro, con la frase repetida tantas veces, la receta del amor que m\u00e1s conviene:\u00a0<i>Vos lo ten\u00e9s que querer, pero \u00e9l te tiene que querer mucho m\u00e1s de lo que vos lo quer\u00e9s a \u00e9l.<\/i>\u00a0Inscribiendo el imperativo de la forma erotoman\u00edaca del amor: que el otro me ame, que el otro me ame m\u00e1s\u2026<\/p>\n<p>Hab\u00eda una excepci\u00f3n, el amor fascinante al padre.<\/p>\n<p>Un padre silencioso al que me dediqu\u00e9 a arrancarle las palabras hasta quedarme sin voz para despertarlo, hacerlo hablar, vivificarlo.<\/p>\n<p>El recuerdo de esa pel\u00edcula que llevo al an\u00e1lisis escond\u00eda otra, mi versi\u00f3n del Edipo freudiano. Esta pel\u00edcula me hab\u00eda helado la sangre, escond\u00eda un goce que ocultaba. Se trata del cuento de Perrault llevado a la pantalla por Jacques Demy,\u00a0<i>Piel de asno<\/i>. En su lecho de muerte, la Reina le hace prometer al Rey que no volver\u00e1 a casarse hasta que no encuentre una mujer m\u00e1s bella, buena e inteligente que ella. A\u00f1os m\u00e1s tarde el Rey encuentra a la perfecta sustituta de su fallecida esposa: su propia hija. Horror y satisfacci\u00f3n.<\/p>\n<\/div>\n<hr \/>\n<div>\n<p>Gabriela Grinbaum es psicoanalista. Miembro de la AMP y de la EOL.<\/p>\n<p>AE (2014-2016). El presente texto se encuentra ampliado en su libro\u00a0<i>Una mujer sin maquillaje<\/i>\u00a0de Editorial Grama (2019) con pr\u00f3logo de Graciela Brodsky y ep\u00edlogo de Maitena Burundarena.<\/p>\n<\/div>\n<\/div><\/div><\/div><\/div><\/div>\n","protected":false},"excerpt":{"rendered":"<p>Por Gabriela Grinbaum<\/p>\n","protected":false},"author":1,"featured_media":4906,"menu_order":127,"comment_status":"open","ping_status":"closed","template":"","format":"standard","meta":{"_monsterinsights_skip_tracking":false,"_monsterinsights_sitenote_active":false,"_monsterinsights_sitenote_note":"","_monsterinsights_sitenote_category":0,"footnotes":""},"portfolio_category":[97,98,92],"portfolio_skills":[],"portfolio_tags":[],"class_list":["post-6527","avada_portfolio","type-avada_portfolio","status-publish","format-standard","has-post-thumbnail","hentry","portfolio_category-articulos-cine-pt-br","portfolio_category-cine-pt-br","portfolio_category-redes-pt-br"],"_links":{"self":[{"href":"https:\/\/fapol.org\/pt-br\/wp-json\/wp\/v2\/avada_portfolio\/6527","targetHints":{"allow":["GET"]}}],"collection":[{"href":"https:\/\/fapol.org\/pt-br\/wp-json\/wp\/v2\/avada_portfolio"}],"about":[{"href":"https:\/\/fapol.org\/pt-br\/wp-json\/wp\/v2\/types\/avada_portfolio"}],"author":[{"embeddable":true,"href":"https:\/\/fapol.org\/pt-br\/wp-json\/wp\/v2\/users\/1"}],"replies":[{"embeddable":true,"href":"https:\/\/fapol.org\/pt-br\/wp-json\/wp\/v2\/comments?post=6527"}],"version-history":[{"count":0,"href":"https:\/\/fapol.org\/pt-br\/wp-json\/wp\/v2\/avada_portfolio\/6527\/revisions"}],"wp:featuredmedia":[{"embeddable":true,"href":"https:\/\/fapol.org\/pt-br\/wp-json\/wp\/v2\/media\/4906"}],"wp:attachment":[{"href":"https:\/\/fapol.org\/pt-br\/wp-json\/wp\/v2\/media?parent=6527"}],"wp:term":[{"taxonomy":"portfolio_category","embeddable":true,"href":"https:\/\/fapol.org\/pt-br\/wp-json\/wp\/v2\/portfolio_category?post=6527"},{"taxonomy":"portfolio_skills","embeddable":true,"href":"https:\/\/fapol.org\/pt-br\/wp-json\/wp\/v2\/portfolio_skills?post=6527"},{"taxonomy":"portfolio_tags","embeddable":true,"href":"https:\/\/fapol.org\/pt-br\/wp-json\/wp\/v2\/portfolio_tags?post=6527"}],"curies":[{"name":"wp","href":"https:\/\/api.w.org\/{rel}","templated":true}]}}