{"id":6107,"date":"2021-03-22T10:20:35","date_gmt":"2021-03-22T13:20:35","guid":{"rendered":"https:\/\/fapol.org\/observatorios\/genero-biopolitica-y-transexualidad\/informes-y-resenas\/"},"modified":"2024-12-14T09:13:22","modified_gmt":"2024-12-14T12:13:22","slug":"informes-e-resenhas","status":"publish","type":"page","link":"https:\/\/fapol.org\/pt-br\/observatorios\/genero-biopolitica-e-transexualidade\/informes-e-resenhas\/","title":{"rendered":"Informes e Resenhas"},"content":{"rendered":"<div class=\"fusion-fullwidth fullwidth-box fusion-builder-row-1 fusion-flex-container nonhundred-percent-fullwidth non-hundred-percent-height-scrolling fusion-animated\" style=\"--awb-border-radius-top-left:0px;--awb-border-radius-top-right:0px;--awb-border-radius-bottom-right:0px;--awb-border-radius-bottom-left:0px;--awb-flex-wrap:wrap;\" data-animationType=\"slideInUp\" data-animationDuration=\"1.0\" data-animationOffset=\"top-into-view\" ><div class=\"fusion-builder-row fusion-row fusion-flex-align-items-flex-start fusion-flex-content-wrap\" style=\"max-width:1248px;margin-left: calc(-4% \/ 2 );margin-right: calc(-4% \/ 2 );\"><div class=\"fusion-layout-column fusion_builder_column fusion-builder-column-0 fusion_builder_column_1_1 1_1 fusion-flex-column\" style=\"--awb-bg-size:cover;--awb-width-large:100%;--awb-margin-top-large:0px;--awb-spacing-right-large:1.92%;--awb-margin-bottom-large:20px;--awb-spacing-left-large:1.92%;--awb-width-medium:100%;--awb-order-medium:0;--awb-spacing-right-medium:1.92%;--awb-spacing-left-medium:1.92%;--awb-width-small:100%;--awb-order-small:0;--awb-spacing-right-small:1.92%;--awb-spacing-left-small:1.92%;\"><div class=\"fusion-column-wrapper fusion-column-has-shadow fusion-flex-justify-content-flex-start fusion-content-layout-column\"><div class=\"fusion-blog-shortcode fusion-blog-shortcode-1 fusion-blog-archive fusion-blog-layout-medium-alternate fusion-blog-pagination fusion-blog-no-images\"><div class=\"fusion-posts-container fusion-posts-container-pagination\" data-pages=\"1\"><article id=\"blog-1-post-6684\" class=\"fusion-post-medium-alternate post-6684 post type-post status-publish format-standard hentry category-informes-genero-pt-br category-observatorios-pt-br\">\n<div class=\"fusion-date-and-formats\"><div class=\"fusion-date-box updated\"><span class=\"fusion-date\">13<\/span><span class=\"fusion-month-year\">12, 2022<\/span><\/div><div class=\"fusion-format-box\"><i class=\"awb-icon-pen\" aria-hidden=\"true\"><\/i><\/div><\/div><div class=\"fusion-post-content post-content\"><h2 class=\"blog-shortcode-post-title entry-title\"><a href=\"https:\/\/fapol.org\/pt-br\/blog\/observatorio-de-genero-biopolitica-y-transexualidad-tercer-informe-gestion-2020-2021-2022\/\">OBSERVATORIO DE G\u00c9NERO, BIOPOL\u00cdTICA Y TRANSEXUALIDAD &#8211; Tercer Informe (Gesti\u00f3n 2020 \u2013 2021- 2022)<\/a><\/h2><div class=\"fusion-post-content-container\"><p>RESPONSABLES: EOL: Paula HusniEBP: Eliane Costa DiasNEL: Mar\u00eda Auxiliadora Rodr\u00edguezEl presente informe es el resultado de la gesti\u00f3n del Observatorio [...]<\/p><\/div><\/div><div class=\"fusion-clearfix\"><\/div><div class=\"fusion-meta-info\"><div class=\"fusion-alignright\"><a class=\"fusion-read-more\" href=\"https:\/\/fapol.org\/pt-br\/blog\/observatorio-de-genero-biopolitica-y-transexualidad-tercer-informe-gestion-2020-2021-2022\/\" aria-label=\"More on OBSERVATORIO DE G\u00c9NERO, BIOPOL\u00cdTICA Y TRANSEXUALIDAD &#8211; Tercer Informe (Gesti\u00f3n 2020 \u2013 2021- 2022)\">Read More<\/a><\/div><\/div><\/article>\n<article id=\"blog-1-post-6705\" class=\"fusion-post-medium-alternate post-6705 post type-post status-publish format-standard hentry category-informes-genero-pt-br category-observatorios-pt-br\">\n<div class=\"fusion-date-and-formats\"><div class=\"fusion-date-box updated\"><span class=\"fusion-date\">4<\/span><span class=\"fusion-month-year\">04, 2021<\/span><\/div><div class=\"fusion-format-box\"><i class=\"awb-icon-pen\" aria-hidden=\"true\"><\/i><\/div><\/div><div class=\"fusion-post-content post-content\"><h2 class=\"blog-shortcode-post-title entry-title\"><a href=\"https:\/\/fapol.org\/pt-br\/blog\/informe-de-la-comision-de-educacion-2020-2021-observatorio-de-genero-biopolitica-y-transexualidad\/\">Informe de la Comisi\u00f3n de Educaci\u00f3n 2020\/2021 &#8211; Observatorio de G\u00e9nero, Biopol\u00edtica y Transexualidad<\/a><\/h2><div class=\"fusion-post-content-container\"><p> COMISI\u00d3N DE EDUCACI\u00d3N: Responsable: Paula Ferder Integrantes: Valeria Casali, Gimena Sozzi, Jos\u00e9 Recalde     Introducci\u00f3n  [...]<\/p><\/div><\/div><div class=\"fusion-clearfix\"><\/div><div class=\"fusion-meta-info\"><div class=\"fusion-alignright\"><a class=\"fusion-read-more\" href=\"https:\/\/fapol.org\/pt-br\/blog\/informe-de-la-comision-de-educacion-2020-2021-observatorio-de-genero-biopolitica-y-transexualidad\/\" aria-label=\"More on Informe de la Comisi\u00f3n de Educaci\u00f3n 2020\/2021 &#8211; Observatorio de G\u00e9nero, Biopol\u00edtica y Transexualidad\">Read More<\/a><\/div><\/div><\/article>\n<article id=\"blog-1-post-6706\" class=\"fusion-post-medium-alternate post-6706 post type-post status-publish format-standard hentry category-informes-genero-pt-br category-observatorios-pt-br\">\n<div class=\"fusion-date-and-formats\"><div class=\"fusion-date-box updated\"><span class=\"fusion-date\">2<\/span><span class=\"fusion-month-year\">04, 2021<\/span><\/div><div class=\"fusion-format-box\"><i class=\"awb-icon-pen\" aria-hidden=\"true\"><\/i><\/div><\/div><div class=\"fusion-post-content post-content\"><h2 class=\"blog-shortcode-post-title entry-title\"><a href=\"https:\/\/fapol.org\/pt-br\/blog\/informe-de-la-comision-de-salud-2020-2021-observatorio-de-genero-biopolitica-y-transexualidad\/\">Informe de la Comisi\u00f3n de Salud 2020\/2021 &#8211; Observatorio de G\u00e9nero, Biopol\u00edtica y Transexualidad<\/a><\/h2><div class=\"fusion-post-content-container\"><p> Responsable:\u00a0Graciela Schnitzer Integrantes:\u00a0Andrea Pineda, Gabriela L\u00f3pez, Graciela Gonz\u00e1lez y Viviana Bega. El presente informe consta de dos apartados, en [...]<\/p><\/div><\/div><div class=\"fusion-clearfix\"><\/div><div class=\"fusion-meta-info\"><div class=\"fusion-alignright\"><a class=\"fusion-read-more\" href=\"https:\/\/fapol.org\/pt-br\/blog\/informe-de-la-comision-de-salud-2020-2021-observatorio-de-genero-biopolitica-y-transexualidad\/\" aria-label=\"More on Informe de la Comisi\u00f3n de Salud 2020\/2021 &#8211; Observatorio de G\u00e9nero, Biopol\u00edtica y Transexualidad\">Read More<\/a><\/div><\/div><\/article>\n<article id=\"blog-1-post-6713\" class=\"fusion-post-medium-alternate post-6713 post type-post status-publish format-standard hentry category-informes-genero-pt-br category-observatorios-pt-br\">\n<div class=\"fusion-date-and-formats\"><div class=\"fusion-date-box updated\"><span class=\"fusion-date\">6<\/span><span class=\"fusion-month-year\">11, 2019<\/span><\/div><div class=\"fusion-format-box\"><i class=\"awb-icon-pen\" aria-hidden=\"true\"><\/i><\/div><\/div><div class=\"fusion-post-content post-content\"><h2 class=\"blog-shortcode-post-title entry-title\"><a href=\"https:\/\/fapol.org\/pt-br\/blog\/segundo-informe-transexualismo-y-travestismo-desde-la-perspectiva-del-psicoanalisis-2016\/\">Segundo Informe Transexualismo y travestismo desde la perspectiva del psicoan\u00e1lisis (2016)<\/a><\/h2><div class=\"fusion-post-content-container\"><p> Patricio \u00c1lvarez Alejandra Antu\u00f1a Paula Husni Esteban Klainer Viviana Mozzi D\u00e9bora Nitzcaner     Historia del g\u00e9nero [...]<\/p><\/div><\/div><div class=\"fusion-clearfix\"><\/div><div class=\"fusion-meta-info\"><div class=\"fusion-alignright\"><a class=\"fusion-read-more\" href=\"https:\/\/fapol.org\/pt-br\/blog\/segundo-informe-transexualismo-y-travestismo-desde-la-perspectiva-del-psicoanalisis-2016\/\" aria-label=\"More on Segundo Informe Transexualismo y travestismo desde la perspectiva del psicoan\u00e1lisis (2016)\">Read More<\/a><\/div><\/div><\/article>\n<article id=\"blog-1-post-6714\" class=\"fusion-post-medium-alternate post-6714 post type-post status-publish format-standard hentry category-informes-genero-pt-br category-observatorios-pt-br\">\n<div class=\"fusion-date-and-formats\"><div class=\"fusion-date-box updated\"><span class=\"fusion-date\">6<\/span><span class=\"fusion-month-year\">11, 2019<\/span><\/div><div class=\"fusion-format-box\"><i class=\"awb-icon-pen\" aria-hidden=\"true\"><\/i><\/div><\/div><div class=\"fusion-post-content post-content\"><h2 class=\"blog-shortcode-post-title entry-title\"><a href=\"https:\/\/fapol.org\/pt-br\/blog\/primer-informe-sobre-la-ley-de-identidad-de-genero-en-argentina-2015\/\">Primer informe sobre la Ley de Identidad de G\u00e9nero en Argentina (2015)<\/a><\/h2><div class=\"fusion-post-content-container\"><p> Patricio \u00c1lvarez Alejandra Antu\u00f1a Paula Husni Esteban Klainer Viviana Mozzi D\u00e9bora Nitzcaner  Introducci\u00f3n  El presente informe se [...]<\/p><\/div><\/div><div class=\"fusion-clearfix\"><\/div><div class=\"fusion-meta-info\"><div class=\"fusion-alignright\"><a class=\"fusion-read-more\" href=\"https:\/\/fapol.org\/pt-br\/blog\/primer-informe-sobre-la-ley-de-identidad-de-genero-en-argentina-2015\/\" aria-label=\"More on Primer informe sobre la Ley de Identidad de G\u00e9nero en Argentina (2015)\">Read More<\/a><\/div><\/div><\/article>\n<article id=\"blog-1-post-6732\" class=\"fusion-post-medium-alternate post-6732 post type-post status-publish format-standard hentry category-informes-genero-pt-br category-observatorios-pt-br\">\n<div class=\"fusion-date-and-formats\"><div class=\"fusion-date-box updated\"><span class=\"fusion-date\">2<\/span><span class=\"fusion-month-year\">05, 2018<\/span><\/div><div class=\"fusion-format-box\"><i class=\"awb-icon-pen\" aria-hidden=\"true\"><\/i><\/div><\/div><div class=\"fusion-post-content post-content\"><h2 class=\"blog-shortcode-post-title entry-title\"><a href=\"https:\/\/fapol.org\/pt-br\/blog\/reunion-del-observatorio-de-genero-biopolitica-y-transexualidad-abril-2018-barcelona\/\">Reuni\u00f3n del Observatorio de G\u00e9nero, Biopol\u00edtica y Transexualidad &#8211; Abril 2018, Barcelona<\/a><\/h2><div class=\"fusion-post-content-container\"><p> El Viernes 6 de Abril, en el marco del XI Congreso mundial de la AMP, tuvo lugar la primera [...]<\/p><\/div><\/div><div class=\"fusion-clearfix\"><\/div><div class=\"fusion-meta-info\"><div class=\"fusion-alignright\"><a class=\"fusion-read-more\" href=\"https:\/\/fapol.org\/pt-br\/blog\/reunion-del-observatorio-de-genero-biopolitica-y-transexualidad-abril-2018-barcelona\/\" aria-label=\"More on Reuni\u00f3n del Observatorio de G\u00e9nero, Biopol\u00edtica y Transexualidad &#8211; Abril 2018, Barcelona\">Read More<\/a><\/div><\/div><\/article>\n<article id=\"blog-1-post-6739\" class=\"fusion-post-medium-alternate post-6739 post type-post status-publish format-standard hentry category-informes-genero-pt-br category-observatorios-pt-br\">\n<div class=\"fusion-date-and-formats\"><div class=\"fusion-date-box updated\"><span class=\"fusion-date\">6<\/span><span class=\"fusion-month-year\">01, 2018<\/span><\/div><div class=\"fusion-format-box\"><i class=\"awb-icon-pen\" aria-hidden=\"true\"><\/i><\/div><\/div><div class=\"fusion-post-content post-content\"><h2 class=\"blog-shortcode-post-title entry-title\"><a href=\"https:\/\/fapol.org\/pt-br\/blog\/resena-del-curso-de-extension-en-la-e-feusp-identidad-de-genero-y-psicoanalisis-el-sintoma-trans-en-ninos-y-adolescentes-ebp-2017\/\">Rese\u00f1a del curso de extensi\u00f3n en la e FEUSP: \u201cIdentidad de G\u00e9nero y Psicoan\u00e1lisis: El s\u00edntoma trans en ni\u00f1os y adolescentes\u201d- EBP- 2017<\/a><\/h2><div class=\"fusion-post-content-container\"><p> Por Valeria Ravier El curso de extensi\u00f3n Identidad de g\u00e9nero y Psicoan\u00e1lisis: el s\u00edntoma trans en ni\u00f1os y adolescentes [...]<\/p><\/div><\/div><div class=\"fusion-clearfix\"><\/div><div class=\"fusion-meta-info\"><div class=\"fusion-alignright\"><a class=\"fusion-read-more\" href=\"https:\/\/fapol.org\/pt-br\/blog\/resena-del-curso-de-extension-en-la-e-feusp-identidad-de-genero-y-psicoanalisis-el-sintoma-trans-en-ninos-y-adolescentes-ebp-2017\/\" aria-label=\"More on Rese\u00f1a del curso de extensi\u00f3n en la e FEUSP: \u201cIdentidad de G\u00e9nero y Psicoan\u00e1lisis: El s\u00edntoma trans en ni\u00f1os y adolescentes\u201d- EBP- 2017\">Read More<\/a><\/div><\/div><\/article>\n<article id=\"blog-1-post-6740\" class=\"fusion-post-medium-alternate post-6740 post type-post status-publish format-standard hentry category-informes-genero-pt-br category-observatorios-pt-br\">\n<div class=\"fusion-date-and-formats\"><div class=\"fusion-date-box updated\"><span class=\"fusion-date\">5<\/span><span class=\"fusion-month-year\">01, 2018<\/span><\/div><div class=\"fusion-format-box\"><i class=\"awb-icon-pen\" aria-hidden=\"true\"><\/i><\/div><\/div><div class=\"fusion-post-content post-content\"><h2 class=\"blog-shortcode-post-title entry-title\"><a href=\"https:\/\/fapol.org\/pt-br\/blog\/curso-de-extensao-da-ufmg-sexualidades-e-generos-abordagens-para-alem-da-patologizacao-ebp-2017\/\">Curso de extens\u00e3o da UFMG-\u201cSexualidades e G\u00eaneros: abordagens para al\u00e9m da patologiza\u00e7\u00e3o\u201d- EBP- 2017<\/a><\/h2><div class=\"fusion-post-content-container\"><p> O curso de extens\u00e3o \"Sexualidades e G\u00eaneros: abordagens para al\u00e9m da patologiza\u00e7\u00e3o\", ofertado pela Faculdade de Medicina da Universidade [...]<\/p><\/div><\/div><div class=\"fusion-clearfix\"><\/div><div class=\"fusion-meta-info\"><div class=\"fusion-alignright\"><a class=\"fusion-read-more\" href=\"https:\/\/fapol.org\/pt-br\/blog\/curso-de-extensao-da-ufmg-sexualidades-e-generos-abordagens-para-alem-da-patologizacao-ebp-2017\/\" aria-label=\"More on Curso de extens\u00e3o da UFMG-\u201cSexualidades e G\u00eaneros: abordagens para al\u00e9m da patologiza\u00e7\u00e3o\u201d- EBP- 2017\">Read More<\/a><\/div><\/div><\/article>\n<article id=\"blog-1-post-6747\" class=\"fusion-post-medium-alternate post-6747 post type-post status-publish format-standard hentry category-informes-genero-pt-br category-observatorios-pt-br\">\n<div class=\"fusion-date-and-formats\"><div class=\"fusion-date-box updated\"><span class=\"fusion-date\">11<\/span><span class=\"fusion-month-year\">10, 2017<\/span><\/div><div class=\"fusion-format-box\"><i class=\"awb-icon-pen\" aria-hidden=\"true\"><\/i><\/div><\/div><div class=\"fusion-post-content post-content\"><h2 class=\"blog-shortcode-post-title entry-title\"><a href=\"https:\/\/fapol.org\/pt-br\/blog\/resena-del-libro-mas-alla-del-genero-el-cuerpo-del-adolescente-y-sus-sintomas-observatorio-genero-biopolitica-y-transexualismo-ebp\/\">Rese\u00f1a del libro \u201cM\u00e1s all\u00e1 del g\u00e9nero: el cuerpo del adolescente y sus s\u00edntomas\u201d- Observatorio G\u00e9nero, biopol\u00edtica y transexualismo EBP<\/a><\/h2><div class=\"fusion-post-content-container\"><p> Rese\u00f1a del libro \"M\u00e1s all\u00e1 del g\u00e9nero: el cuerpo del adolescente y sus s\u00edntomas\" Editorial Scriptum de reciente aparici\u00f3n. [...]<\/p><\/div><\/div><div class=\"fusion-clearfix\"><\/div><div class=\"fusion-meta-info\"><div class=\"fusion-alignright\"><a class=\"fusion-read-more\" href=\"https:\/\/fapol.org\/pt-br\/blog\/resena-del-libro-mas-alla-del-genero-el-cuerpo-del-adolescente-y-sus-sintomas-observatorio-genero-biopolitica-y-transexualismo-ebp\/\" aria-label=\"More on Rese\u00f1a del libro \u201cM\u00e1s all\u00e1 del g\u00e9nero: el cuerpo del adolescente y sus s\u00edntomas\u201d- Observatorio G\u00e9nero, biopol\u00edtica y transexualismo EBP\">Read More<\/a><\/div><\/div><\/article>\n<article id=\"blog-1-post-6784\" class=\"fusion-post-medium-alternate post-6784 post type-post status-publish format-standard hentry category-informes-autismo-pt-br category-informes-genero-pt-br category-informes-infancias-pt-br category-informes-legislacion-pt-br category-informes-mujeres-pt-br category-informes-toxicomanias-pt-br category-observatorios-pt-br\">\n<div class=\"fusion-date-and-formats\"><div class=\"fusion-date-box updated\"><span class=\"fusion-date\">28<\/span><span class=\"fusion-month-year\">08, 2015<\/span><\/div><div class=\"fusion-format-box\"><i class=\"awb-icon-pen\" aria-hidden=\"true\"><\/i><\/div><\/div><div class=\"fusion-post-content post-content\"><h2 class=\"blog-shortcode-post-title entry-title\"><a href=\"https:\/\/fapol.org\/pt-br\/blog\/algunas-ideas-iniciales-para-los-observatorios-de-fapol\/\">Algunas Ideas Iniciales para los Observatorios de Fapol<\/a><\/h2><div class=\"fusion-post-content-container\"><p> A los Coordinadores de los Observatorios 1) Observatorios y Acci\u00f3n lacaniana No esperamos con los Observatorios realizar una elaboraci\u00f3n [...]<\/p><\/div><\/div><div class=\"fusion-clearfix\"><\/div><div class=\"fusion-meta-info\"><div class=\"fusion-alignright\"><a class=\"fusion-read-more\" href=\"https:\/\/fapol.org\/pt-br\/blog\/algunas-ideas-iniciales-para-los-observatorios-de-fapol\/\" aria-label=\"More on Algunas Ideas Iniciales para los Observatorios de Fapol\">Read More<\/a><\/div><\/div><\/article>\n<\/div><\/div><\/div><\/div><\/div><\/div>\n","protected":false},"excerpt":{"rendered":"","protected":false},"author":3,"featured_media":0,"parent":6102,"menu_order":4,"comment_status":"closed","ping_status":"closed","template":"","meta":{"_monsterinsights_skip_tracking":false,"_monsterinsights_sitenote_active":false,"_monsterinsights_sitenote_note":"","_monsterinsights_sitenote_category":0,"footnotes":""},"class_list":["post-6107","page","type-page","status-publish","hentry"],"_links":{"self":[{"href":"https:\/\/fapol.org\/pt-br\/wp-json\/wp\/v2\/pages\/6107","targetHints":{"allow":["GET"]}}],"collection":[{"href":"https:\/\/fapol.org\/pt-br\/wp-json\/wp\/v2\/pages"}],"about":[{"href":"https:\/\/fapol.org\/pt-br\/wp-json\/wp\/v2\/types\/page"}],"author":[{"embeddable":true,"href":"https:\/\/fapol.org\/pt-br\/wp-json\/wp\/v2\/users\/3"}],"replies":[{"embeddable":true,"href":"https:\/\/fapol.org\/pt-br\/wp-json\/wp\/v2\/comments?post=6107"}],"version-history":[{"count":2,"href":"https:\/\/fapol.org\/pt-br\/wp-json\/wp\/v2\/pages\/6107\/revisions"}],"predecessor-version":[{"id":6116,"href":"https:\/\/fapol.org\/pt-br\/wp-json\/wp\/v2\/pages\/6107\/revisions\/6116"}],"up":[{"embeddable":true,"href":"https:\/\/fapol.org\/pt-br\/wp-json\/wp\/v2\/pages\/6102"}],"wp:attachment":[{"href":"https:\/\/fapol.org\/pt-br\/wp-json\/wp\/v2\/media?parent=6107"}],"curies":[{"name":"wp","href":"https:\/\/api.w.org\/{rel}","templated":true}]}}